{"id":25611,"date":"2024-08-12T15:39:20","date_gmt":"2024-08-12T15:39:20","guid":{"rendered":"https:\/\/www.grupefebe.com\/?page_id=25611"},"modified":"2024-11-04T12:14:18","modified_gmt":"2024-11-04T12:14:18","slug":"politica-de-privadesa","status":"publish","type":"page","link":"https:\/\/www.grupefebe.com\/pt-pt\/politica-de-privadesa\/","title":{"rendered":"Pol\u00edtica de privacidade"},"content":{"rendered":"<p><strong>Informa\u00e7\u00f5es B\u00e1sicas sobre Prote\u00e7\u00e3o de Dados<\/strong><\/p>\n<table>\n<tbody>\n<tr>\n<td width=\"105\"><strong>Respons\u00e1vel<\/strong><\/td>\n<td width=\"524\">GRUP DE PROMOCI\u00d3 I DISSENY EFEB\u00c9, S.L.U.<\/td>\n<td width=\"0\"><\/td>\n<\/tr>\n<tr>\n<td width=\"105\"><\/td>\n<td width=\"524\"><\/td>\n<td width=\"0\"><\/td>\n<\/tr>\n<tr>\n<td rowspan=\"2\" width=\"105\"><strong>Prop\u00f3sito<\/strong><\/td>\n<td width=\"524\">Gest\u00e3o de subscri\u00e7\u00f5es de Newsletter<\/td>\n<td width=\"0\"><\/td>\n<\/tr>\n<tr>\n<td rowspan=\"2\" width=\"524\">Comunica\u00e7\u00f5es comerciais relacionadas aos nossos servi\u00e7os<\/td>\n<td width=\"0\"><\/td>\n<\/tr>\n<tr>\n<td width=\"105\"><\/td>\n<\/tr>\n<tr>\n<td width=\"105\"><\/td>\n<td width=\"524\"><\/td>\n<td width=\"0\"><\/td>\n<\/tr>\n<tr>\n<td width=\"105\"><strong>Legitima\u00e7\u00e3o<\/strong><\/td>\n<td width=\"524\">Consentimento expresso e interesse leg\u00edtimo<\/td>\n<td width=\"0\"><\/td>\n<\/tr>\n<tr>\n<td width=\"105\"><\/td>\n<td width=\"524\"><\/td>\n<td width=\"0\"><\/td>\n<\/tr>\n<tr>\n<td width=\"105\"><strong>Destinat\u00e1rios<\/strong><\/td>\n<td width=\"524\">Nenhum dado \u00e9 transferido a terceiros, exceto por obriga\u00e7\u00f5es legais<\/td>\n<td width=\"0\"><\/td>\n<\/tr>\n<tr>\n<td width=\"105\"><\/td>\n<td width=\"524\"><\/td>\n<td width=\"0\"><\/td>\n<\/tr>\n<tr>\n<td width=\"105\"><\/td>\n<td width=\"524\">Acesse, retifique e exclua dados tamb\u00e9m<\/td>\n<td width=\"0\"><\/td>\n<\/tr>\n<tr>\n<td width=\"105\"><strong>Direitos<\/strong><\/td>\n<td width=\"524\">como outros direitos, conforme explicado nas<\/td>\n<td width=\"0\"><\/td>\n<\/tr>\n<tr>\n<td width=\"105\"><\/td>\n<td width=\"524\">informa\u00e7\u00f5es adicionais<\/td>\n<td width=\"0\"><\/td>\n<\/tr>\n<tr>\n<td width=\"105\"><\/td>\n<td width=\"524\"><\/td>\n<td width=\"0\"><\/td>\n<\/tr>\n<tr>\n<td width=\"105\"><\/td>\n<td width=\"524\"><\/td>\n<td width=\"0\"><\/td>\n<\/tr>\n<tr>\n<td width=\"105\"><\/td>\n<td width=\"524\"><\/td>\n<td width=\"0\"><\/td>\n<\/tr>\n<tr>\n<td width=\"105\"><\/td>\n<td width=\"524\"><\/td>\n<td width=\"0\"><\/td>\n<\/tr>\n<\/tbody>\n<\/table>\n<p>&nbsp;<\/p>\n<p>Na GRUP DE PROMOCI\u00d3 I DISSENY EFEB\u00c9, trabalhamos para oferecer a voc\u00ea a melhor experi\u00eancia poss\u00edvel por meio de nossos produtos e servi\u00e7os. Em alguns casos, \u00e9 necess\u00e1rio coletar informa\u00e7\u00f5es para alcan\u00e7ar esse objetivo. Prezamos pela sua privacidade e acreditamos na transpar\u00eancia a esse respeito.<br \/>\nPortanto, de acordo com o REGULAMENTO (UE) 2016\/679 DO PARLAMENTO EUROPEU E DO CONSELHO de 27 de abril de 2016 (doravante, \u201cGDPR\u201d) relativo \u00e0 prote\u00e7\u00e3o das pessoas f\u00edsicas no que diz respeito ao tratamento de dados pessoais e \u00e0 livre circula\u00e7\u00e3o desses dados, e a LEI 34\/2002, de 11 de julho, sobre Servi\u00e7os da Sociedade da Informa\u00e7\u00e3o e Com\u00e9rcio Eletr\u00f4nico (doravante, \u201cLSSI\u201d), a GRUP DE PROMOCI\u00d3 I DISSENY EFEB\u00c9, S.L.U. informa o usu\u00e1rio de que, como respons\u00e1vel pelo tratamento, incorporar\u00e1 os dados pessoais fornecidos pelos usu\u00e1rios em um arquivo automatizado.<br \/>\nNosso compromisso come\u00e7a explicando o seguinte:<\/p>\n<p>\u2022 Seus dados s\u00e3o coletados para melhorar a experi\u00eancia do usu\u00e1rio, levando em considera\u00e7\u00e3o seus interesses e necessidades.<br \/>\n\u2022 Somos transparentes sobre os dados que obtemos sobre voc\u00ea e o motivo pelo qual o fazemos.<br \/>\n\u2022 Nossa inten\u00e7\u00e3o \u00e9 oferecer a voc\u00ea a melhor experi\u00eancia poss\u00edvel. Portanto, ao usar suas informa\u00e7\u00f5es pessoais, sempre o faremos em conformidade com a regulamenta\u00e7\u00e3o, e, quando necess\u00e1rio, solicitaremos seu consentimento.<br \/>\n\u2022 Entendemos que seus dados pertencem a voc\u00ea. Portanto, se decidir n\u00e3o nos autorizar a process\u00e1-los, pode nos pedir para interromper o processamento.<\/p>\n<p>\u2022 Nossa prioridade \u00e9 garantir sua seguran\u00e7a e processar seus dados de acordo com as normas europeias.<\/p>\n<p>Se desejar obter mais informa\u00e7\u00f5es sobre o processamento de seus dados, consulte as diferentes se\u00e7\u00f5es da pol\u00edtica de privacidade abaixo:<\/p>\n<h3>Quem \u00e9 respons\u00e1vel pelo processamento de seus dados pessoais?<\/h3>\n<p>Identidade: GRUP DE PROMOCI\u00d3 I DISSENY EFEB\u00c9, S.L.U.<br \/>\nSede social: C\/ Villar, 74, LC, 2b<br \/>\nN\u00famero de identifica\u00e7\u00e3o fiscal: B61575825<br \/>\nEmail: administracio@grupefebe.com<\/p>\n<p>A GRUP DE PROMOCI\u00d3 I DISSENY EFEB\u00c9 designou um Encarregado de Prote\u00e7\u00e3o de Dados ou uma pessoa de contato interna dentro de sua organiza\u00e7\u00e3o. Se desejar fazer uma consulta sobre o processamento de seus dados pessoais, pode entrar em contato com eles atrav\u00e9s do email administracio@grupefebe.com<\/p>\n<h3>Quais dados pessoais coletamos?<\/h3>\n<p>Os dados pessoais que o usu\u00e1rio pode fornecer:<\/p>\n<p>\u2022 Nome e Sobrenome<br \/>\n\u2022 N\u00famero de telefone<br \/>\n\u2022 Endere\u00e7o e CEP<br \/>\n\u2022 Email<br \/>\n\u2022 Localiza\u00e7\u00e3o<br \/>\n\u2022 Endere\u00e7o IP, data e hora de acesso aos nossos servi\u00e7os, navegador de internet utilizado e dados sobre o sistema operacional do dispositivo.<\/p>\n<p>Em alguns casos, o preenchimento do formul\u00e1rio de registro \u00e9 obrigat\u00f3rio para acessar e desfrutar de determinados servi\u00e7os oferecidos no site. N\u00e3o fornecer os dados pessoais solicitados ou n\u00e3o aceitar esta pol\u00edtica de prote\u00e7\u00e3o de dados pode resultar na impossibilidade de se inscrever, se registrar ou participar de promo\u00e7\u00f5es que solicitem dados pessoais.<\/p>\n<h3>Por que e para que finalidade processamos seus dados?<\/h3>\n<p>Na GRUP DE PROMOCI\u00d3 I DISSENY EFEB\u00c9, processamos as informa\u00e7\u00f5es fornecidas pelas pessoas interessadas para as seguintes finalidades:<\/p>\n<p>\u2022 Gerenciar o envio de informa\u00e7\u00f5es solicitadas e quaisquer outras consultas que possam surgir e n\u00e3o estejam sujeitas \u00e0s condi\u00e7\u00f5es do site ou \u00e0 contrata\u00e7\u00e3o do servi\u00e7o.<br \/>\n\u2022 Gerenciar as assinaturas de nossa Newsletter para notifica\u00e7\u00e3o de novas postagens.<br \/>\n\u2022 Desenvolver a\u00e7\u00f5es comerciais e realizar a manuten\u00e7\u00e3o e gest\u00e3o do relacionamento com o usu\u00e1rio, bem como a gest\u00e3o dos servi\u00e7os oferecidos atrav\u00e9s do site e as tarefas de informa\u00e7\u00e3o.<br \/>\n\u2022 Desenvolver atividades promocionais que possam ser organizadas.<br \/>\n\u2022 Em alguns casos, ser\u00e1 necess\u00e1rio fornecer informa\u00e7\u00f5es a Autoridades ou empresas terceirizadas por motivos de auditoria, bem como lidar com dados pessoais de faturas, contratos e documentos para responder a reclama\u00e7\u00f5es de clientes ou Administra\u00e7\u00f5es P\u00fablicas.<\/p>\n<p>Informamos que os dados pessoais obtidos como resultado de seu registro como usu\u00e1rio far\u00e3o parte do Registro de Atividades e Opera\u00e7\u00f5es de Tratamento (RAT) no qual a GRUP DE PROMOCI\u00d3 I DISSENY EFEB\u00c9, S.L.U. \u00e9 titular, e que ser\u00e1 atualizado periodicamente de acordo com o GDPR.<\/p>\n<h3>Qual \u00e9 a base legal para o processamento de seus dados?<\/h3>\n<p>O processamento de seus dados pode ser fundamentado nas seguintes bases legais:<\/p>\n<p>\u2022 Consentimento do interessado para a contrata\u00e7\u00e3o de servi\u00e7os por meio de formul\u00e1rios de contato, solicita\u00e7\u00f5es de informa\u00e7\u00f5es ou inscri\u00e7\u00e3o em newsletters (assinatura do nosso Blog).<br \/>\n\u2022 Interesse leg\u00edtimo no processamento de dados de nossos clientes em a\u00e7\u00f5es de marketing direto e consentimento expresso do interessado para tudo relacionado a avalia\u00e7\u00f5es autom\u00e1ticas e cria\u00e7\u00e3o de perfis.<br \/>\n\u2022 Cumprimento de obriga\u00e7\u00f5es legais para preven\u00e7\u00e3o de fraudes, comunica\u00e7\u00e3o com autoridades p\u00fablicas e reclama\u00e7\u00f5es de terceiros.<\/p>\n<h3>Por quanto tempo conservamos seus dados?<\/h3>\n<p>O processamento de dados para as finalidades descritas ser\u00e1 mantido pelo tempo estritamente necess\u00e1rio para cumprir a finalidade de sua coleta (por exemplo, durante a vig\u00eancia da rela\u00e7\u00e3o comercial) e para cumprir as obriga\u00e7\u00f5es legais decorrentes do processamento dos dados.<\/p>\n<h3>A quais destinat\u00e1rios seus dados s\u00e3o comunicados?<\/h3>\n<p>Em alguns casos, apenas quando necess\u00e1rio, a GRUP DE PROMOCI\u00d3 I DISSENY EFEB\u00c9 fornecer\u00e1 dados dos usu\u00e1rios a terceiros. No entanto, os dados nunca ser\u00e3o vendidos a terceiros. Os provedores de servi\u00e7os externos (por exemplo, fornecedores de pagamento ou empresas de entrega) com os quais a GRUP DE PROMOCI\u00d3 I DISSENY EFEB\u00c9 trabalha podem usar os dados para fornecer os servi\u00e7os correspondentes, mas n\u00e3o usar\u00e3o essas informa\u00e7\u00f5es para seus pr\u00f3prios fins ou para transfer\u00eancia a terceiros.<\/p>\n<p>A GRUP DE PROMOCI\u00d3 I DISSENY EFEB\u00c9 procura garantir a seguran\u00e7a dos dados pessoais ao envi\u00e1-los fora da empresa e assegura que os provedores de servi\u00e7os terceirizados respeitem a confidencialidade e adotem as medidas adequadas para proteger os dados pessoais. Esses terceiros t\u00eam a obriga\u00e7\u00e3o de garantir que as informa\u00e7\u00f5es sejam tratadas de acordo com as normas de privacidade de dados.<\/p>\n<p>Em alguns casos, a lei pode exigir a divulga\u00e7\u00e3o de dados pessoais a \u00f3rg\u00e3os p\u00fablicos ou outras partes, e apenas ser\u00e1 revelado o estritamente necess\u00e1rio para cumprir essas obriga\u00e7\u00f5es legais.<\/p>\n<p>Os dados pessoais obtidos tamb\u00e9m podem ser compartilhados com outras empresas do grupo.<\/p>\n<h3>Onde seus dados s\u00e3o armazenados?<\/h3>\n<p>Em geral, os dados s\u00e3o armazenados dentro da Uni\u00e3o Europeia. Os dados enviados a terceiros que n\u00e3o fazem parte da Uni\u00e3o Europeia garantir\u00e3o um n\u00edvel adequado de prote\u00e7\u00e3o, pois eles t\u00eam Regras Corporativas Vinculativas (BCR).<\/p>\n<h3>Quais s\u00e3o seus direitos e como exerc\u00ea-los?<\/h3>\n<p>Voc\u00ea pode direcionar suas comunica\u00e7\u00f5es e exercer seus direitos por meio de uma solicita\u00e7\u00e3o no seguinte email: administracio@grupefebe.com.<\/p>\n<p>De acordo com o que estabelece o GDPR, voc\u00ea pode solicitar:<\/p>\n<p>\u2022 Direito de acesso e retifica\u00e7\u00e3o (Art.15 e 16 GDPR e 13 e 14 LOPDGDD): O usu\u00e1rio tem o direito de obter informa\u00e7\u00f5es sobre os dados pessoais da GRUP DE PROMOCI\u00d3 I DISSENY EFEB\u00c9 e para quais fins eles foram usados. O usu\u00e1rio tamb\u00e9m tem o direito, a qualquer momento, de solicitar a corre\u00e7\u00e3o de qualquer dado pessoal impreciso ou incompleto.<br \/>\n\u2022 Direito de exclus\u00e3o e ao esquecimento (Art.17 GDPR e 15 LOPDGDD): O usu\u00e1rio tem o direito de obter a exclus\u00e3o dos dados pessoais que o afetam quando os dados pessoais n\u00e3o forem mais necess\u00e1rios em rela\u00e7\u00e3o aos fins para os quais foram coletados ou de outra forma processados. Se em algum momento voc\u00ea deu seu consentimento para o processamento de dados pessoais, sempre haver\u00e1 a possibilidade de retirar esse consentimento para qualquer processamento futuro dependente dele.<\/p>\n<p>\u2022 Direito de limitar o processamento: O usu\u00e1rio tem o direito de solicitar a limita\u00e7\u00e3o do processamento de seus dados pessoais, caso em que a GRUP DE PROMOCI\u00d3 I DISSENY EFEB\u00c9 apenas os manter\u00e1 para o exerc\u00edcio ou defesa de reclama\u00e7\u00f5es.<br \/>\n\u2022 Direito de oposi\u00e7\u00e3o (Art.21 e 22 GDPR e 18 LOPDGDD): O usu\u00e1rio tem o direito de se opor ao processamento de seus dados nos termos previstos nos artigos 21 e 22 do GDPR. A GRUP DE PROMOCI\u00d3 I DISSENY EFEB\u00c9 informa ao usu\u00e1rio que, mesmo que se oponha a certo processamento, a GRUP DE PROMOCI\u00d3 I DISSENY EFEB\u00c9 pode continuar esse processamento se basear em outra base leg\u00edtima, por exemplo, para fornecer servi\u00e7os ou cumprir obriga\u00e7\u00f5es legais.<br \/>\n\u2022 Direito \u00e0 portabilidade (Art.20 GDPR e 17 LOPDGDD): Em alguns casos, voc\u00ea pode solicitar uma c\u00f3pia dos dados pessoais em um formato estruturado, de uso comum e leitura mec\u00e2nica para transmiss\u00e3o a outro controlador de dados.<br \/>\n\u2022 Direito a n\u00e3o ser objeto de decis\u00f5es individualizadas: Voc\u00ea pode solicitar que n\u00e3o sejam tomadas decis\u00f5es baseadas exclusivamente no processamento automatizado, incluindo a elabora\u00e7\u00e3o de perfis, que produzam efeitos legais ou afetem significativamente o interessado.<\/p>\n<p>Em alguns casos, a solicita\u00e7\u00e3o pode ser recusada se voc\u00ea solicitar a exclus\u00e3o de dados necess\u00e1rios para o cumprimento de obriga\u00e7\u00f5es legais.<\/p>\n<p>Al\u00e9m disso, se voc\u00ea tiver alguma reclama\u00e7\u00e3o sobre o processamento de dados, pode apresentar uma reclama\u00e7\u00e3o \u00e0 autoridade de prote\u00e7\u00e3o de dados.<\/p>\n<h3>Quem \u00e9 respons\u00e1vel pela precis\u00e3o e veracidade dos dados fornecidos?<\/h3>\n<p>O usu\u00e1rio \u00e9 o \u00fanico respons\u00e1vel pela veracidade e corre\u00e7\u00e3o dos dados inclu\u00eddos, isentando a GRUP DE PROMOCI\u00d3 I DISSENY EFEB\u00c9 de qualquer responsabilidade a esse respeito. Os usu\u00e1rios garantem e respondem, em qualquer caso, pela precis\u00e3o, validade e autenticidade dos dados pessoais fornecidos e comprometem-se a mant\u00ea-los devidamente atualizados. O usu\u00e1rio concorda em fornecer informa\u00e7\u00f5es completas e corretas no formul\u00e1rio de registro ou inscri\u00e7\u00e3o. A GRUP DE PROMOCI\u00d3 I DISSENY EFEB\u00c9 reserva-se o direito de encerrar os servi\u00e7os contratados que tenham sido celebrados com os usu\u00e1rios, no caso de os dados fornecidos serem falsos, incompletos, imprecisos ou n\u00e3o atualizados.<\/p>\n<p>A GRUP DE PROMOCI\u00d3 I DISSENY EFEB\u00c9 n\u00e3o responde pela veracidade das informa\u00e7\u00f5es n\u00e3o elaboradas por ela e indicadas como provenientes de outra fonte, e, portanto, tamb\u00e9m n\u00e3o assume responsabilidade por eventuais danos que possam surgir do uso dessas informa\u00e7\u00f5es.<\/p>\n<p>A GRUP DE PROMOCI\u00d3 I DISSENY EFEB\u00c9 reserva-se o direito de atualizar, modificar ou excluir as informa\u00e7\u00f5es contidas em suas p\u00e1ginas da web, podendo inclusive limitar ou n\u00e3o permitir o acesso a essas informa\u00e7\u00f5es. A GRUP DE PROMOCI\u00d3 I DISSENY EFEB\u00c9 isenta-se de responsabilidade por qualquer dano ou preju\u00edzo que o usu\u00e1rio possa sofrer devido a erros, defeitos ou omiss\u00f5es nas informa\u00e7\u00f5es fornecidas pela GRUP DE PROMOCI\u00d3 I DISSENY EFEB\u00c9, desde que provenham de fontes<\/p>\n<p>&nbsp;<\/p>\n","protected":false},"excerpt":{"rendered":"<p>Informa\u00e7\u00f5es B\u00e1sicas sobre Prote\u00e7\u00e3o de Dados Respons\u00e1vel GRUP DE PROMOCI\u00d3 I DISSENY EFEB\u00c9, S.L.U. Prop\u00f3sito Gest\u00e3o de subscri\u00e7\u00f5es de Newsletter [&hellip;]<\/p>\n","protected":false},"author":2,"featured_media":0,"parent":0,"menu_order":0,"comment_status":"closed","ping_status":"closed","template":"","meta":{"_acf_changed":false,"footnotes":"","_links_to":"","_links_to_target":""},"class_list":["post-25611","page","type-page","status-publish","hentry"],"acf":[],"yoast_head":"<!-- This site is optimized with the Yoast SEO plugin v25.9 - https:\/\/yoast.com\/wordpress\/plugins\/seo\/ -->\n<title>Pol\u00edtica de privacidade | Grupo Efeb\u00e9<\/title>\n<meta name=\"robots\" content=\"index, follow, max-snippet:-1, max-image-preview:large, max-video-preview:-1\" \/>\n<link rel=\"canonical\" href=\"https:\/\/www.grupefebe.com\/pt-pt\/politica-de-privadesa\/\" \/>\n<meta property=\"og:locale\" content=\"pt_PT\" \/>\n<meta property=\"og:type\" content=\"article\" \/>\n<meta property=\"og:title\" content=\"Pol\u00edtica de privacidade | Grupo Efeb\u00e9\" \/>\n<meta property=\"og:description\" content=\"Informa\u00e7\u00f5es B\u00e1sicas sobre Prote\u00e7\u00e3o de Dados Respons\u00e1vel GRUP DE PROMOCI\u00d3 I DISSENY EFEB\u00c9, S.L.U. Prop\u00f3sito Gest\u00e3o de subscri\u00e7\u00f5es de Newsletter [&hellip;]\" \/>\n<meta property=\"og:url\" content=\"https:\/\/www.grupefebe.com\/pt-pt\/politica-de-privadesa\/\" \/>\n<meta property=\"og:site_name\" content=\"Grupo Efeb\u00e9\" \/>\n<meta property=\"article:publisher\" content=\"https:\/\/www.facebook.com\/grup.efebe\" \/>\n<meta property=\"article:modified_time\" content=\"2024-11-04T12:14:18+00:00\" \/>\n<meta name=\"twitter:card\" content=\"summary_large_image\" \/>\n<meta name=\"twitter:site\" content=\"@grup_efebe\" \/>\n<meta name=\"twitter:label1\" content=\"Tempo estimado de leitura\" \/>\n\t<meta name=\"twitter:data1\" content=\"10 minutos\" \/>\n<script type=\"application\/ld+json\" class=\"yoast-schema-graph\">{\"@context\":\"https:\/\/schema.org\",\"@graph\":[{\"@type\":\"WebPage\",\"@id\":\"https:\/\/www.grupefebe.com\/pt-pt\/politica-de-privadesa\/\",\"url\":\"https:\/\/www.grupefebe.com\/pt-pt\/politica-de-privadesa\/\",\"name\":\"Pol\u00edtica de privacidade | Grupo Efeb\u00e9\",\"isPartOf\":{\"@id\":\"https:\/\/www.grupefebe.com\/pt-pt\/#website\"},\"datePublished\":\"2024-08-12T15:39:20+00:00\",\"dateModified\":\"2024-11-04T12:14:18+00:00\",\"breadcrumb\":{\"@id\":\"https:\/\/www.grupefebe.com\/pt-pt\/politica-de-privadesa\/#breadcrumb\"},\"inLanguage\":\"pt-PT\",\"potentialAction\":[{\"@type\":\"ReadAction\",\"target\":[\"https:\/\/www.grupefebe.com\/pt-pt\/politica-de-privadesa\/\"]}]},{\"@type\":\"BreadcrumbList\",\"@id\":\"https:\/\/www.grupefebe.com\/pt-pt\/politica-de-privadesa\/#breadcrumb\",\"itemListElement\":[{\"@type\":\"ListItem\",\"position\":1,\"name\":\"Inici\",\"item\":\"https:\/\/www.grupefebe.com\/pt-pt\/\"},{\"@type\":\"ListItem\",\"position\":2,\"name\":\"Pol\u00edtica de privacidade\"}]},{\"@type\":\"WebSite\",\"@id\":\"https:\/\/www.grupefebe.com\/pt-pt\/#website\",\"url\":\"https:\/\/www.grupefebe.com\/pt-pt\/\",\"name\":\"Grup Efeb\u00e9\",\"description\":\"Otro sitio realizado con WordPress\",\"publisher\":{\"@id\":\"https:\/\/www.grupefebe.com\/pt-pt\/#organization\"},\"potentialAction\":[{\"@type\":\"SearchAction\",\"target\":{\"@type\":\"EntryPoint\",\"urlTemplate\":\"https:\/\/www.grupefebe.com\/pt-pt\/?s={search_term_string}\"},\"query-input\":{\"@type\":\"PropertyValueSpecification\",\"valueRequired\":true,\"valueName\":\"search_term_string\"}}],\"inLanguage\":\"pt-PT\"},{\"@type\":\"Organization\",\"@id\":\"https:\/\/www.grupefebe.com\/pt-pt\/#organization\",\"name\":\"Grup Efeb\u00e9\",\"url\":\"https:\/\/www.grupefebe.com\/pt-pt\/\",\"logo\":{\"@type\":\"ImageObject\",\"inLanguage\":\"pt-PT\",\"@id\":\"https:\/\/www.grupefebe.com\/pt-pt\/#\/schema\/logo\/image\/\",\"url\":\"https:\/\/grupefebe.com\/custom\/uploads\/2021\/01\/logo-efebe.png\",\"contentUrl\":\"https:\/\/grupefebe.com\/custom\/uploads\/2021\/01\/logo-efebe.png\",\"width\":524,\"height\":135,\"caption\":\"Grup Efeb\u00e9\"},\"image\":{\"@id\":\"https:\/\/www.grupefebe.com\/pt-pt\/#\/schema\/logo\/image\/\"},\"sameAs\":[\"https:\/\/www.facebook.com\/grup.efebe\",\"https:\/\/x.com\/grup_efebe\",\"https:\/\/www.instagram.com\/grup_efebe\/\",\"https:\/\/www.linkedin.com\/company\/grupefebe\",\"https:\/\/www.youtube.com\/channel\/UCj11-LAuLhPfqrL2649Xzrw\"]}]}<\/script>\n<!-- \/ Yoast SEO plugin. -->","yoast_head_json":{"title":"Pol\u00edtica de privacidade | Grupo Efeb\u00e9","robots":{"index":"index","follow":"follow","max-snippet":"max-snippet:-1","max-image-preview":"max-image-preview:large","max-video-preview":"max-video-preview:-1"},"canonical":"https:\/\/www.grupefebe.com\/pt-pt\/politica-de-privadesa\/","og_locale":"pt_PT","og_type":"article","og_title":"Pol\u00edtica de privacidade | Grupo Efeb\u00e9","og_description":"Informa\u00e7\u00f5es B\u00e1sicas sobre Prote\u00e7\u00e3o de Dados Respons\u00e1vel GRUP DE PROMOCI\u00d3 I DISSENY EFEB\u00c9, S.L.U. Prop\u00f3sito Gest\u00e3o de subscri\u00e7\u00f5es de Newsletter [&hellip;]","og_url":"https:\/\/www.grupefebe.com\/pt-pt\/politica-de-privadesa\/","og_site_name":"Grupo Efeb\u00e9","article_publisher":"https:\/\/www.facebook.com\/grup.efebe","article_modified_time":"2024-11-04T12:14:18+00:00","twitter_card":"summary_large_image","twitter_site":"@grup_efebe","twitter_misc":{"Tempo estimado de leitura":"10 minutos"},"schema":{"@context":"https:\/\/schema.org","@graph":[{"@type":"WebPage","@id":"https:\/\/www.grupefebe.com\/pt-pt\/politica-de-privadesa\/","url":"https:\/\/www.grupefebe.com\/pt-pt\/politica-de-privadesa\/","name":"Pol\u00edtica de privacidade | Grupo Efeb\u00e9","isPartOf":{"@id":"https:\/\/www.grupefebe.com\/pt-pt\/#website"},"datePublished":"2024-08-12T15:39:20+00:00","dateModified":"2024-11-04T12:14:18+00:00","breadcrumb":{"@id":"https:\/\/www.grupefebe.com\/pt-pt\/politica-de-privadesa\/#breadcrumb"},"inLanguage":"pt-PT","potentialAction":[{"@type":"ReadAction","target":["https:\/\/www.grupefebe.com\/pt-pt\/politica-de-privadesa\/"]}]},{"@type":"BreadcrumbList","@id":"https:\/\/www.grupefebe.com\/pt-pt\/politica-de-privadesa\/#breadcrumb","itemListElement":[{"@type":"ListItem","position":1,"name":"Inici","item":"https:\/\/www.grupefebe.com\/pt-pt\/"},{"@type":"ListItem","position":2,"name":"Pol\u00edtica de privacidade"}]},{"@type":"WebSite","@id":"https:\/\/www.grupefebe.com\/pt-pt\/#website","url":"https:\/\/www.grupefebe.com\/pt-pt\/","name":"Grup Efeb\u00e9","description":"Otro sitio realizado con WordPress","publisher":{"@id":"https:\/\/www.grupefebe.com\/pt-pt\/#organization"},"potentialAction":[{"@type":"SearchAction","target":{"@type":"EntryPoint","urlTemplate":"https:\/\/www.grupefebe.com\/pt-pt\/?s={search_term_string}"},"query-input":{"@type":"PropertyValueSpecification","valueRequired":true,"valueName":"search_term_string"}}],"inLanguage":"pt-PT"},{"@type":"Organization","@id":"https:\/\/www.grupefebe.com\/pt-pt\/#organization","name":"Grup Efeb\u00e9","url":"https:\/\/www.grupefebe.com\/pt-pt\/","logo":{"@type":"ImageObject","inLanguage":"pt-PT","@id":"https:\/\/www.grupefebe.com\/pt-pt\/#\/schema\/logo\/image\/","url":"https:\/\/grupefebe.com\/custom\/uploads\/2021\/01\/logo-efebe.png","contentUrl":"https:\/\/grupefebe.com\/custom\/uploads\/2021\/01\/logo-efebe.png","width":524,"height":135,"caption":"Grup Efeb\u00e9"},"image":{"@id":"https:\/\/www.grupefebe.com\/pt-pt\/#\/schema\/logo\/image\/"},"sameAs":["https:\/\/www.facebook.com\/grup.efebe","https:\/\/x.com\/grup_efebe","https:\/\/www.instagram.com\/grup_efebe\/","https:\/\/www.linkedin.com\/company\/grupefebe","https:\/\/www.youtube.com\/channel\/UCj11-LAuLhPfqrL2649Xzrw"]}]}},"_links":{"self":[{"href":"https:\/\/www.grupefebe.com\/pt-pt\/wp-json\/wp\/v2\/pages\/25611","targetHints":{"allow":["GET"]}}],"collection":[{"href":"https:\/\/www.grupefebe.com\/pt-pt\/wp-json\/wp\/v2\/pages"}],"about":[{"href":"https:\/\/www.grupefebe.com\/pt-pt\/wp-json\/wp\/v2\/types\/page"}],"author":[{"embeddable":true,"href":"https:\/\/www.grupefebe.com\/pt-pt\/wp-json\/wp\/v2\/users\/2"}],"replies":[{"embeddable":true,"href":"https:\/\/www.grupefebe.com\/pt-pt\/wp-json\/wp\/v2\/comments?post=25611"}],"version-history":[{"count":3,"href":"https:\/\/www.grupefebe.com\/pt-pt\/wp-json\/wp\/v2\/pages\/25611\/revisions"}],"predecessor-version":[{"id":26423,"href":"https:\/\/www.grupefebe.com\/pt-pt\/wp-json\/wp\/v2\/pages\/25611\/revisions\/26423"}],"wp:attachment":[{"href":"https:\/\/www.grupefebe.com\/pt-pt\/wp-json\/wp\/v2\/media?parent=25611"}],"curies":[{"name":"wp","href":"https:\/\/api.w.org\/{rel}","templated":true}]}}